{"id":1451,"date":"2018-10-17T15:49:51","date_gmt":"2018-10-17T15:49:51","guid":{"rendered":"https:\/\/www.ilrosso.org\/?page_id=1451"},"modified":"2018-10-19T09:25:01","modified_gmt":"2018-10-19T09:25:01","slug":"blogg","status":"publish","type":"page","link":"https:\/\/www.ilrosso.org\/it\/blogg\/","title":{"rendered":"blogg"},"content":{"rendered":"<div class=\"vce-row-container\"><div class=\"vce-row vce-row--col-gap-30 vce-row-columns--top vce-row-content--top\" id=\"el-bf0b7974\" data-vce-do-apply=\"all el-bf0b7974\"><div class=\"vce-content-background-container\"><\/div><div class=\"vce-row-content\" data-vce-element-content=\"true\"><div class=\"vce-col vce-col--xs-100p vce-col--xs-visible vce-col--xs-last vce-col--xs-first vce-col--sm-100p vce-col--sm-visible vce-col--sm-last vce-col--sm-first vce-col--md-auto vce-col--md-visible vce-col--md-last vce-col--md-first vce-col--lg-auto vce-col--lg-visible vce-col--lg-last vce-col--lg-first vce-col--xl-auto vce-col--xl-visible vce-col--xl-last vce-col--xl-first\" id=\"el-2736c1e2\" data-vce-do-apply=\"background border el-2736c1e2\"><div class=\"vce-col-inner\" data-vce-element-content=\"true\" data-vce-do-apply=\"padding margin  el-2736c1e2\"><div class=\"vce-shortcode\"><div class=\"vce-shortcode-wrapper vce\" id=\"el-829f934a\" data-vce-do-apply=\"all el-829f934a\">\t\t\t<section id=\"cd-timeline\" class=\"cd-container timeline-express\">\n\n\t\t\t\n<div class=\"cd-timeline-block novembre 14 2024 announcement-2317\">\n\n\t\n\t\t<a class=\"cd-timeline-icon-link\" href=\"https:\/\/www.ilrosso.org\/it\/announcement\/laura-sara-nostra-ospite-il-22-e-23-novembre-2024\/\">\n\n\t\t\t\n\t\t<div class=\"cd-timeline-img cd-picture\" style=\"background:#dd3333;\">\n\n\t\t\t<!-- Custom Action Hook -->\n\t\t\t\n\t\t\t\t<!-- Standard Font Awesome Icon -->\n\t\t\t\t<span class=\"fa fa-exclamation\" title=\"Laura sar\u00e0 nostra ospite il 22 e 23 novembre 2024\"><\/span>\n\n\t\t\t\n\t\t<\/div> <!-- cd-timeline-img -->\n\n\t\n\t\t<\/a>\n\n\t\t\n\t<!-- Timeline Content -->\n\t<div class=\"cd-timeline-content\">\n\n\t\t\n\t\t<!-- Announcement Title -->\n\t\t<div class=\"cd-timeline-title-container\">\n\n\t\t\t\n\t\t\t<h2 class=\"cd-timeline-item-title\">\n\t\t\t\tLaura sar\u00e0 nostra ospite il 22 e 23 novembre 2024\t\t\t<\/h2>\n\n\t\t\t\t\t\t\t<p class=\"timeline-date\">\n\t\t\t\t\t14\/11\/2024\t\t\t\t<\/p>\n\t\t\t\t\t\t<\/div>\n\t\t<!-- End Announcement Title -->\n\n\t\t<img width=\"350\" height=\"120\" src=\"https:\/\/www.ilrosso.org\/wp-content\/uploads\/2024\/11\/laura-banner-350x120.jpg\" class=\"announcement-banner-image\" alt=\"Laura sar\u00e0 nostra ospite il 22 e 23 novembre 2024\" \/>\n\t\t<!-- Announcement Excerpt -->\n\t\t<div class=\"the-excerpt\">\n\t\t\t<p>Siamo lieti di comunicare che il 22 e 23 novembre 2024 Laura sar\u00e0 nostra ospite con i suoi tatuaggi DARK, ENGRAVING, BLACKWORK, OCCULT ED ESOTERIC&#8230;.<\/p>\n<a class=\"timeline-express-read-more-link\" href=\"https:\/\/www.ilrosso.org\/it\/announcement\/laura-sara-nostra-ospite-il-22-e-23-novembre-2024\/\"> Read more<\/a>\t\t<\/div>\n\t\t<!-- End Announcement Excerpt -->\n\n\t\t\n\t<\/div>\n\t<!-- End Timeline Content -->\n\n<\/div>\n<!-- End Timeline Block -->\n\n<div class=\"cd-timeline-block giugno 18 2024 announcement-2312\">\n\n\t\n\t\t<a class=\"cd-timeline-icon-link\" href=\"https:\/\/www.ilrosso.org\/it\/announcement\/2312-2\/\">\n\n\t\t\t\n\t\t<div class=\"cd-timeline-img cd-picture\" style=\"background:#dd3333;\">\n\n\t\t\t<!-- Custom Action Hook -->\n\t\t\t\n\t\t\t\t<!-- Standard Font Awesome Icon -->\n\t\t\t\t<span class=\"fa fa-exclamation-triangle\" title=\"\"><\/span>\n\n\t\t\t\n\t\t<\/div> <!-- cd-timeline-img -->\n\n\t\n\t\t<\/a>\n\n\t\t\n\t<!-- Timeline Content -->\n\t<div class=\"cd-timeline-content\">\n\n\t\t\n\t\t<!-- Announcement Title -->\n\t\t<div class=\"cd-timeline-title-container\">\n\n\t\t\t\n\t\t\t<h2 class=\"cd-timeline-item-title\">\n\t\t\t\t\t\t\t<\/h2>\n\n\t\t\t\t\t\t\t<p class=\"timeline-date\">\n\t\t\t\t\t18\/06\/2024\t\t\t\t<\/p>\n\t\t\t\t\t\t<\/div>\n\t\t<!-- End Announcement Title -->\n\n\t\t<img width=\"350\" height=\"120\" src=\"https:\/\/www.ilrosso.org\/wp-content\/uploads\/2024\/06\/promo-luglio-350x120.jpg\" class=\"announcement-banner-image\" alt=\"\" \/>\n\t\t<!-- Announcement Excerpt -->\n\t\t<div class=\"the-excerpt\">\n\t\t\t<p>\ud835\udc12\ud835\udc1c\ud835\udc28\ud835\udc27\ud835\udc2d\ud835\udc28 \ud835\udc12\ud835\udc29\ud835\udc1e\ud835\udc1c\ud835\udc22\ud835\udc1a\ud835\udc25\ud835\udc1e \ud835\udc1d\ud835\udc22 \ud835\udc0b\ud835\udc2e\ud835\udc20\ud835\udc25\ud835\udc22\ud835\udc28!\u00a0Per tutto il mese di luglio offriamo un incredibile \ud835\udc2c\ud835\udc1c\ud835\udc28\ud835\udc27\ud835\udc2d\ud835\udc28 \ud835\udc1d\ud835\udc1e\ud835\udc25 \ud835\udfd0\ud835\udfce% su tutti i tatuaggi!\u00a0\ud835\udc0f\ud835\udc2b\ud835\udc1e\ud835\udc27\ud835\udc28\ud835\udc2d\ud835\udc1a \ud835\udc28\ud835\udc2b\ud835\udc1a e assicurati il tuo appuntamento&#8230;.<\/p>\n<a class=\"timeline-express-read-more-link\" href=\"https:\/\/www.ilrosso.org\/it\/announcement\/2312-2\/\"> Read more<\/a>\t\t<\/div>\n\t\t<!-- End Announcement Excerpt -->\n\n\t\t\n\t<\/div>\n\t<!-- End Timeline Content -->\n\n<\/div>\n<!-- End Timeline Block -->\n\n<div class=\"cd-timeline-block febbraio 08 2024 announcement-2309\">\n\n\t\n\t\t<a class=\"cd-timeline-icon-link\" href=\"https:\/\/www.ilrosso.org\/it\/announcement\/1-2-3-marzo-2024-scandiano-tattoo-expo\/\">\n\n\t\t\t\n\t\t<div class=\"cd-timeline-img cd-picture\" style=\"background:#ef9937;\">\n\n\t\t\t<!-- Custom Action Hook -->\n\t\t\t\n\t\t\t\t<!-- Standard Font Awesome Icon -->\n\t\t\t\t<span class=\"fa fa-exclamation\" title=\"1-2-3 marzo 2024 &#8211; SCANDIANO TATTOO EXPO\"><\/span>\n\n\t\t\t\n\t\t<\/div> <!-- cd-timeline-img -->\n\n\t\n\t\t<\/a>\n\n\t\t\n\t<!-- Timeline Content -->\n\t<div class=\"cd-timeline-content\">\n\n\t\t\n\t\t<!-- Announcement Title -->\n\t\t<div class=\"cd-timeline-title-container\">\n\n\t\t\t\n\t\t\t<h2 class=\"cd-timeline-item-title\">\n\t\t\t\t1-2-3 marzo 2024 &#8211; SCANDIANO TATTOO EXPO\t\t\t<\/h2>\n\n\t\t\t\t\t\t\t<p class=\"timeline-date\">\n\t\t\t\t\t08\/02\/2024\t\t\t\t<\/p>\n\t\t\t\t\t\t<\/div>\n\t\t<!-- End Announcement Title -->\n\n\t\t<img width=\"350\" height=\"120\" src=\"https:\/\/www.ilrosso.org\/wp-content\/uploads\/2024\/02\/scandiano-350x120.jpg\" class=\"announcement-banner-image\" alt=\"1-2-3 marzo 2024 &#8211; SCANDIANO TATTOO EXPO\" \/>\n\t\t<!-- Announcement Excerpt -->\n\t\t<div class=\"the-excerpt\">\n\t\t\t<p>Siamo lietissimi di annunciare che tutto lo staff de &#8220;Il Rosso Tattoo&#8221; sar\u00e0 presente dall&#8217;1 al 3 marzo alla Scandiano Tattoo Expo. Rosso, Giando e&#8230;<\/p>\n<a class=\"timeline-express-read-more-link\" href=\"https:\/\/www.ilrosso.org\/it\/announcement\/1-2-3-marzo-2024-scandiano-tattoo-expo\/\"> Read more<\/a>\t\t<\/div>\n\t\t<!-- End Announcement Excerpt -->\n\n\t\t\n\t<\/div>\n\t<!-- End Timeline Content -->\n\n<\/div>\n<!-- End Timeline Block -->\n\n<div class=\"cd-timeline-block febbraio 08 2024 announcement-2306\">\n\n\t\n\t\t<a class=\"cd-timeline-icon-link\" href=\"https:\/\/www.ilrosso.org\/it\/announcement\/walk-in-san-valentino-2024\/\">\n\n\t\t\t\n\t\t<div class=\"cd-timeline-img cd-picture\" style=\"background:#dd3333;\">\n\n\t\t\t<!-- Custom Action Hook -->\n\t\t\t\n\t\t\t\t<!-- Standard Font Awesome Icon -->\n\t\t\t\t<span class=\"fa fa-exclamation-triangle\" title=\"WALK-IN SAN VALENTINO 2024\"><\/span>\n\n\t\t\t\n\t\t<\/div> <!-- cd-timeline-img -->\n\n\t\n\t\t<\/a>\n\n\t\t\n\t<!-- Timeline Content -->\n\t<div class=\"cd-timeline-content\">\n\n\t\t\n\t\t<!-- Announcement Title -->\n\t\t<div class=\"cd-timeline-title-container\">\n\n\t\t\t\n\t\t\t<h2 class=\"cd-timeline-item-title\">\n\t\t\t\tWALK-IN SAN VALENTINO 2024\t\t\t<\/h2>\n\n\t\t\t\t\t\t\t<p class=\"timeline-date\">\n\t\t\t\t\t08\/02\/2024\t\t\t\t<\/p>\n\t\t\t\t\t\t<\/div>\n\t\t<!-- End Announcement Title -->\n\n\t\t<img class=\"announcement-banner-image external-image\" alt=\"WALK-IN SAN VALENTINO 2024\" src=\"https:\/\/www.ilrosso.org\/wp-content\/uploads\/2024\/02\/sanva.mp4\">\n\t\t<!-- Announcement Excerpt -->\n\t\t<div class=\"the-excerpt\">\n\t\t\t<p>&nbsp; Sabato 17 febbraio torna l\u2019unico ed inimitabile walk in di San Valentino al Rosso Tattoo! Il 17 FEBBRAIO dalle 10.00 alle 17.30 siete tutti&#8230;<\/p>\n<a class=\"timeline-express-read-more-link\" href=\"https:\/\/www.ilrosso.org\/it\/announcement\/walk-in-san-valentino-2024\/\"> Read more<\/a>\t\t<\/div>\n\t\t<!-- End Announcement Excerpt -->\n\n\t\t\n\t<\/div>\n\t<!-- End Timeline Content -->\n\n<\/div>\n<!-- End Timeline Block -->\n\n<div class=\"cd-timeline-block novembre 05 2019 announcement-2028\">\n\n\t\n\t\t<a class=\"cd-timeline-icon-link\" href=\"https:\/\/www.ilrosso.org\/it\/announcement\/chiusura-novembre\/\">\n\n\t\t\t\n\t\t<div class=\"cd-timeline-img cd-picture\" style=\"background:#dd3333;\">\n\n\t\t\t<!-- Custom Action Hook -->\n\t\t\t\n\t\t\t\t<!-- Standard Font Awesome Icon -->\n\t\t\t\t<span class=\"fa fa-exclamation-triangle\" title=\"&lt;H7&gt; CHIUSURA NOVEMBRE &lt;\/H7&gt;\"><\/span>\n\n\t\t\t\n\t\t<\/div> <!-- cd-timeline-img -->\n\n\t\n\t\t<\/a>\n\n\t\t\n\t<!-- Timeline Content -->\n\t<div class=\"cd-timeline-content\">\n\n\t\t\n\t\t<!-- Announcement Title -->\n\t\t<div class=\"cd-timeline-title-container\">\n\n\t\t\t\n\t\t\t<h2 class=\"cd-timeline-item-title\">\n\t\t\t\t<H7> CHIUSURA NOVEMBRE <\/H7>\t\t\t<\/h2>\n\n\t\t\t\t\t\t\t<p class=\"timeline-date\">\n\t\t\t\t\t05\/11\/2019\t\t\t\t<\/p>\n\t\t\t\t\t\t<\/div>\n\t\t<!-- End Announcement Title -->\n\n\t\t<img width=\"350\" height=\"120\" src=\"https:\/\/www.ilrosso.org\/wp-content\/uploads\/2019\/10\/chiuso-nov-350x120.jpg\" class=\"announcement-banner-image\" alt=\"&lt;H7&gt; CHIUSURA NOVEMBRE &lt;\/H7&gt;\" \/>\n\t\t<!-- Announcement Excerpt -->\n\t\t<div class=\"the-excerpt\">\n\t\t\t<p>RITORNIAMO OPERATIVI IL 5 NOVEMBRE CON I SOLITI ORARI : DALLE 10 ALLE 18 DA MARTED\u00ec A SABATO.<\/p>\n<a class=\"timeline-express-read-more-link\" href=\"https:\/\/www.ilrosso.org\/it\/announcement\/chiusura-novembre\/\"> Read more<\/a>\t\t<\/div>\n\t\t<!-- End Announcement Excerpt -->\n\n\t\t\n\t<\/div>\n\t<!-- End Timeline Content -->\n\n<\/div>\n<!-- End Timeline Block -->\n\n<div class=\"cd-timeline-block novembre 01 2019 announcement-1798\">\n\n\t\n\t\t<a class=\"cd-timeline-icon-link\" href=\"https:\/\/www.ilrosso.org\/it\/announcement\/piercing-tutti-i-giorni\/\">\n\n\t\t\t\n\t\t<div class=\"cd-timeline-img cd-picture\" style=\"background:#dd3333;\">\n\n\t\t\t<!-- Custom Action Hook -->\n\t\t\t\n\t\t\t\t<!-- Standard Font Awesome Icon -->\n\t\t\t\t<span class=\"fa fa-exclamation-triangle\" title=\"&lt;h7&gt;Piercing tutti i giorni&lt;\/h7&gt;\"><\/span>\n\n\t\t\t\n\t\t<\/div> <!-- cd-timeline-img -->\n\n\t\n\t\t<\/a>\n\n\t\t\n\t<!-- Timeline Content -->\n\t<div class=\"cd-timeline-content\">\n\n\t\t\n\t\t<!-- Announcement Title -->\n\t\t<div class=\"cd-timeline-title-container\">\n\n\t\t\t\n\t\t\t<h2 class=\"cd-timeline-item-title\">\n\t\t\t\t<h7>Piercing tutti i giorni<\/h7>\t\t\t<\/h2>\n\n\t\t\t\t\t\t\t<p class=\"timeline-date\">\n\t\t\t\t\t01\/11\/2019\t\t\t\t<\/p>\n\t\t\t\t\t\t<\/div>\n\t\t<!-- End Announcement Title -->\n\n\t\t<img width=\"350\" height=\"120\" src=\"https:\/\/www.ilrosso.org\/wp-content\/uploads\/2019\/06\/61327738_493302434743913_4419691299439902720_n-350x120.png\" class=\"announcement-banner-image\" alt=\"&lt;h7&gt;Piercing tutti i giorni&lt;\/h7&gt;\" \/>\n\t\t<!-- Announcement Excerpt -->\n\t\t<div class=\"the-excerpt\">\n\t\t\t<p>RICORDIAMO ALLA GENTILE CLIENTELA CHE TUTTI I GIORNI E&#8217; DISPONIBILE LA PIERCER PER ESEGUIRE I VOSTRI FORI!! pER INFO E APPUNTAMENTI CHIAMATE AL 05211912131 &nbsp;<\/p>\n<a class=\"timeline-express-read-more-link\" href=\"https:\/\/www.ilrosso.org\/it\/announcement\/piercing-tutti-i-giorni\/\"> Read more<\/a>\t\t<\/div>\n\t\t<!-- End Announcement Excerpt -->\n\n\t\t\n\t<\/div>\n\t<!-- End Timeline Content -->\n\n<\/div>\n<!-- End Timeline Block -->\n\n<div class=\"cd-timeline-block settembre 30 2019 announcement-1937\">\n\n\t\n\t\t<a class=\"cd-timeline-icon-link\" href=\"https:\/\/www.ilrosso.org\/it\/announcement\/nuovo-numero\/\">\n\n\t\t\t\n\t\t<div class=\"cd-timeline-img cd-picture\" style=\"background:#dd3333;\">\n\n\t\t\t<!-- Custom Action Hook -->\n\t\t\t\n\t\t\t\t<!-- Standard Font Awesome Icon -->\n\t\t\t\t<span class=\"fa fa-exclamation-triangle\" title=\"&lt;H7&gt; NUOVO NUMERO &lt;\/H7&gt;\"><\/span>\n\n\t\t\t\n\t\t<\/div> <!-- cd-timeline-img -->\n\n\t\n\t\t<\/a>\n\n\t\t\n\t<!-- Timeline Content -->\n\t<div class=\"cd-timeline-content\">\n\n\t\t\n\t\t<!-- Announcement Title -->\n\t\t<div class=\"cd-timeline-title-container\">\n\n\t\t\t\n\t\t\t<h2 class=\"cd-timeline-item-title\">\n\t\t\t\t<H7> NUOVO NUMERO <\/H7>\t\t\t<\/h2>\n\n\t\t\t\t\t\t\t<p class=\"timeline-date\">\n\t\t\t\t\t30\/09\/2019\t\t\t\t<\/p>\n\t\t\t\t\t\t<\/div>\n\t\t<!-- End Announcement Title -->\n\n\t\t<img width=\"350\" height=\"120\" src=\"https:\/\/www.ilrosso.org\/wp-content\/uploads\/2019\/09\/numero-350x120.jpg\" class=\"announcement-banner-image\" alt=\"&lt;H7&gt; NUOVO NUMERO &lt;\/H7&gt;\" \/>\n\t\t<!-- Announcement Excerpt -->\n\t\t<div class=\"the-excerpt\">\n\t\t\t<p>COMUNICHIAMO CHE IL NUOVO NUMERO DEL TELEFONO FISSO \u00e8 0521347320<\/p>\n<a class=\"timeline-express-read-more-link\" href=\"https:\/\/www.ilrosso.org\/it\/announcement\/nuovo-numero\/\"> Read more<\/a>\t\t<\/div>\n\t\t<!-- End Announcement Excerpt -->\n\n\t\t\n\t<\/div>\n\t<!-- End Timeline Content -->\n\n<\/div>\n<!-- End Timeline Block -->\n\n<div class=\"cd-timeline-block settembre 12 2019 announcement-1934\">\n\n\t\n\t\t<a class=\"cd-timeline-icon-link\" href=\"https:\/\/www.ilrosso.org\/it\/announcement\/piercing-day\/\">\n\n\t\t\t\n\t\t<div class=\"cd-timeline-img cd-picture\" style=\"background:#dd3333;\">\n\n\t\t\t<!-- Custom Action Hook -->\n\t\t\t\n\t\t\t\t<!-- Standard Font Awesome Icon -->\n\t\t\t\t<span class=\"fa fa-exclamation-triangle\" title=\"&lt;H7&gt;  PIERCING DAY &lt;\/H7&gt;\"><\/span>\n\n\t\t\t\n\t\t<\/div> <!-- cd-timeline-img -->\n\n\t\n\t\t<\/a>\n\n\t\t\n\t<!-- Timeline Content -->\n\t<div class=\"cd-timeline-content\">\n\n\t\t\n\t\t<!-- Announcement Title -->\n\t\t<div class=\"cd-timeline-title-container\">\n\n\t\t\t\n\t\t\t<h2 class=\"cd-timeline-item-title\">\n\t\t\t\t<H7>  PIERCING DAY <\/H7>\t\t\t<\/h2>\n\n\t\t\t\t\t\t\t<p class=\"timeline-date\">\n\t\t\t\t\t12\/09\/2019\t\t\t\t<\/p>\n\t\t\t\t\t\t<\/div>\n\t\t<!-- End Announcement Title -->\n\n\t\t<img width=\"350\" height=\"120\" src=\"https:\/\/www.ilrosso.org\/wp-content\/uploads\/2019\/09\/beppe-350x120.jpg\" class=\"announcement-banner-image\" alt=\"&lt;H7&gt;  PIERCING DAY &lt;\/H7&gt;\" \/>\n\t\t<!-- Announcement Excerpt -->\n\t\t<div class=\"the-excerpt\">\n\t\t\t<p>GIOVED\u00ec 12 SETTEMBRE PIERCING DAY PER INFO E APPUNTAMENTI CHIAMATE AL 0521347320<\/p>\n<a class=\"timeline-express-read-more-link\" href=\"https:\/\/www.ilrosso.org\/it\/announcement\/piercing-day\/\"> Read more<\/a>\t\t<\/div>\n\t\t<!-- End Announcement Excerpt -->\n\n\t\t\n\t<\/div>\n\t<!-- End Timeline Content -->\n\n<\/div>\n<!-- End Timeline Block -->\n\n<div class=\"cd-timeline-block settembre 02 2019 announcement-1875\">\n\n\t\n\t\t<a class=\"cd-timeline-icon-link\" href=\"https:\/\/www.ilrosso.org\/it\/announcement\/chiusura-estiva-2019\/\">\n\n\t\t\t\n\t\t<div class=\"cd-timeline-img cd-picture\" style=\"background:#dd3333;\">\n\n\t\t\t<!-- Custom Action Hook -->\n\t\t\t\n\t\t\t\t<!-- Standard Font Awesome Icon -->\n\t\t\t\t<span class=\"fa fa-exclamation-triangle\" title=\"&lt;h7&gt; CHIUSURA ESTIVA 2019 &lt;\/h7&gt;\"><\/span>\n\n\t\t\t\n\t\t<\/div> <!-- cd-timeline-img -->\n\n\t\n\t\t<\/a>\n\n\t\t\n\t<!-- Timeline Content -->\n\t<div class=\"cd-timeline-content\">\n\n\t\t\n\t\t<!-- Announcement Title -->\n\t\t<div class=\"cd-timeline-title-container\">\n\n\t\t\t\n\t\t\t<h2 class=\"cd-timeline-item-title\">\n\t\t\t\t<h7> CHIUSURA ESTIVA 2019 <\/h7>\t\t\t<\/h2>\n\n\t\t\t\t\t\t\t<p class=\"timeline-date\">\n\t\t\t\t\t02\/09\/2019\t\t\t\t<\/p>\n\t\t\t\t\t\t<\/div>\n\t\t<!-- End Announcement Title -->\n\n\t\t<img width=\"350\" height=\"120\" src=\"https:\/\/www.ilrosso.org\/wp-content\/uploads\/2019\/07\/ferie-350x120.jpg\" class=\"announcement-banner-image\" alt=\"&lt;h7&gt; CHIUSURA ESTIVA 2019 &lt;\/h7&gt;\" \/>\n\t\t<!-- Announcement Excerpt -->\n\t\t<div class=\"the-excerpt\">\n\t\t\t<p>Avvisiamo la gentile clientela che lo studio rimarr\u00e0 chiuso tutto il mese di agosto! Torneremo operativi il 3 settembre con i soliti giorni e orari&#8230;<\/p>\n<a class=\"timeline-express-read-more-link\" href=\"https:\/\/www.ilrosso.org\/it\/announcement\/chiusura-estiva-2019\/\"> Read more<\/a>\t\t<\/div>\n\t\t<!-- End Announcement Excerpt -->\n\n\t\t\n\t<\/div>\n\t<!-- End Timeline Content -->\n\n<\/div>\n<!-- End Timeline Block -->\n\n<div class=\"cd-timeline-block luglio 31 2019 announcement-1610\">\n\n\t\n\t\t<a class=\"cd-timeline-icon-link\" href=\"https:\/\/www.ilrosso.org\/it\/announcement\/2-ink-art-international-tattoo-expo-26-27-28-luglio-2019\/\">\n\n\t\t\t\n\t\t<div class=\"cd-timeline-img cd-picture\" style=\"background:#dd3333;\">\n\n\t\t\t<!-- Custom Action Hook -->\n\t\t\t\n\t\t\t\t<!-- Standard Font Awesome Icon -->\n\t\t\t\t<span class=\"fa fa-exclamation-triangle\" title=\"&lt;h7&gt; 2 Ink &#038; art international tattoo expo &#8211; 26, 27, 28 luglio 2019 &lt;\/h7&gt;\"><\/span>\n\n\t\t\t\n\t\t<\/div> <!-- cd-timeline-img -->\n\n\t\n\t\t<\/a>\n\n\t\t\n\t<!-- Timeline Content -->\n\t<div class=\"cd-timeline-content\">\n\n\t\t\n\t\t<!-- Announcement Title -->\n\t\t<div class=\"cd-timeline-title-container\">\n\n\t\t\t\n\t\t\t<h2 class=\"cd-timeline-item-title\">\n\t\t\t\t<h7> 2 Ink &#038; art international tattoo expo &#8211; 26, 27, 28 luglio 2019 <\/h7>\t\t\t<\/h2>\n\n\t\t\t\t\t\t\t<p class=\"timeline-date\">\n\t\t\t\t\t31\/07\/2019\t\t\t\t<\/p>\n\t\t\t\t\t\t<\/div>\n\t\t<!-- End Announcement Title -->\n\n\t\t<img width=\"350\" height=\"120\" src=\"https:\/\/www.ilrosso.org\/wp-content\/uploads\/2018\/12\/fuengirola-sito-350x120.jpg\" class=\"announcement-banner-image\" alt=\"&lt;h7&gt; 2 Ink &#038; art international tattoo expo &#8211; 26, 27, 28 luglio 2019 &lt;\/h7&gt;\" \/>\n\t\t<!-- Announcement Excerpt -->\n\t\t<div class=\"the-excerpt\">\n\t\t\t<p>Con grande piacere comunichiamo che il Rosso sar\u00e0 presente alla seconda edizione della Ink &amp; Art International Tattoo festival a Fuengirola dal 26 al 28&#8230;<\/p>\n<a class=\"timeline-express-read-more-link\" href=\"https:\/\/www.ilrosso.org\/it\/announcement\/2-ink-art-international-tattoo-expo-26-27-28-luglio-2019\/\"> Read more<\/a>\t\t<\/div>\n\t\t<!-- End Announcement Excerpt -->\n\n\t\t\n\t<\/div>\n\t<!-- End Timeline Content -->\n\n<\/div>\n<!-- End Timeline Block -->\n\n<div class=\"cd-timeline-block luglio 31 2019 announcement-1867\">\n\n\t\n\t\t<a class=\"cd-timeline-icon-link\" href=\"https:\/\/www.ilrosso.org\/it\/announcement\/luglio-tatuaggi-senza-appuntamento-walk-in\/\">\n\n\t\t\t\n\t\t<div class=\"cd-timeline-img cd-picture\" style=\"background:#dd3333;\">\n\n\t\t\t<!-- Custom Action Hook -->\n\t\t\t\n\t\t\t\t<!-- Standard Font Awesome Icon -->\n\t\t\t\t<span class=\"fa fa-exclamation-circle\" title=\"&lt;h7&gt; Per tutto il mese di luglio &#8211; tatuaggi senza appuntamento &lt;\/h7&gt;\"><\/span>\n\n\t\t\t\n\t\t<\/div> <!-- cd-timeline-img -->\n\n\t\n\t\t<\/a>\n\n\t\t\n\t<!-- Timeline Content -->\n\t<div class=\"cd-timeline-content\">\n\n\t\t\n\t\t<!-- Announcement Title -->\n\t\t<div class=\"cd-timeline-title-container\">\n\n\t\t\t\n\t\t\t<h2 class=\"cd-timeline-item-title\">\n\t\t\t\t<h7> Per tutto il mese di luglio &#8211; tatuaggi senza appuntamento <\/h7>\t\t\t<\/h2>\n\n\t\t\t\t\t\t\t<p class=\"timeline-date\">\n\t\t\t\t\t31\/07\/2019\t\t\t\t<\/p>\n\t\t\t\t\t\t<\/div>\n\t\t<!-- End Announcement Title -->\n\n\t\t<img width=\"303\" height=\"120\" src=\"https:\/\/www.ilrosso.org\/wp-content\/uploads\/2019\/06\/walkinswelcome-303x120.jpg\" class=\"announcement-banner-image\" alt=\"&lt;h7&gt; Per tutto il mese di luglio &#8211; tatuaggi senza appuntamento &lt;\/h7&gt;\" \/>\n\t\t<!-- Announcement Excerpt -->\n\t\t<div class=\"the-excerpt\">\n\t\t\t<p>Per tutto il mese di luglio GIANDO e GRETA sono disponibili walk in, senza appuntamento, per tatuaggi di piccola e media dimensione. Vi consigliamo comunque&#8230;<\/p>\n<a class=\"timeline-express-read-more-link\" href=\"https:\/\/www.ilrosso.org\/it\/announcement\/luglio-tatuaggi-senza-appuntamento-walk-in\/\"> Read more<\/a>\t\t<\/div>\n\t\t<!-- End Announcement Excerpt -->\n\n\t\t\n\t<\/div>\n\t<!-- End Timeline Content -->\n\n<\/div>\n<!-- End Timeline Block -->\n\n<div class=\"cd-timeline-block luglio 12 2019 announcement-1795\">\n\n\t\n\t\t<a class=\"cd-timeline-icon-link\" href=\"https:\/\/www.ilrosso.org\/it\/announcement\/il-rosso-guest-artist-a-block-51-milano\/\">\n\n\t\t\t\n\t\t<div class=\"cd-timeline-img cd-picture\" style=\"background:#dd3333;\">\n\n\t\t\t<!-- Custom Action Hook -->\n\t\t\t\n\t\t\t\t<!-- Standard Font Awesome Icon -->\n\t\t\t\t<span class=\"fa fa-exclamation-triangle\" title=\"&lt;h7&gt;Il Rosso guest artist a Block 51 &#8211; MILANO&lt;\/h7&gt;\"><\/span>\n\n\t\t\t\n\t\t<\/div> <!-- cd-timeline-img -->\n\n\t\n\t\t<\/a>\n\n\t\t\n\t<!-- Timeline Content -->\n\t<div class=\"cd-timeline-content\">\n\n\t\t\n\t\t<!-- Announcement Title -->\n\t\t<div class=\"cd-timeline-title-container\">\n\n\t\t\t\n\t\t\t<h2 class=\"cd-timeline-item-title\">\n\t\t\t\t<h7>Il Rosso guest artist a Block 51 &#8211; MILANO<\/h7>\t\t\t<\/h2>\n\n\t\t\t\t\t\t\t<p class=\"timeline-date\">\n\t\t\t\t\t12\/07\/2019\t\t\t\t<\/p>\n\t\t\t\t\t\t<\/div>\n\t\t<!-- End Announcement Title -->\n\n\t\t<img width=\"350\" height=\"120\" src=\"https:\/\/www.ilrosso.org\/wp-content\/uploads\/2019\/06\/guest-block-51-350x120.jpg\" class=\"announcement-banner-image\" alt=\"&lt;h7&gt;Il Rosso guest artist a Block 51 &#8211; MILANO&lt;\/h7&gt;\" \/>\n\t\t<!-- Announcement Excerpt -->\n\t\t<div class=\"the-excerpt\">\n\t\t\t<p>MERCOLEDI 10 LUGLIO 2019 IL ROSSO SAR\u00e0 GUEST ARTIST PRESSO LO STUDIO BLOCK 51! Quale occasione migliore per gli amici milanesi di farvi un bel&#8230;<\/p>\n<a class=\"timeline-express-read-more-link\" href=\"https:\/\/www.ilrosso.org\/it\/announcement\/il-rosso-guest-artist-a-block-51-milano\/\"> Read more<\/a>\t\t<\/div>\n\t\t<!-- End Announcement Excerpt -->\n\n\t\t\n\t<\/div>\n\t<!-- End Timeline Content -->\n\n<\/div>\n<!-- End Timeline Block -->\n\n<div class=\"cd-timeline-block aprile 01 2019 announcement-1603\">\n\n\t\n\t\t<a class=\"cd-timeline-icon-link\" href=\"https:\/\/www.ilrosso.org\/it\/announcement\/bologna-tattoo-expo-29-30-31-marzo-2019\/\">\n\n\t\t\t\n\t\t<div class=\"cd-timeline-img cd-picture\" style=\"background:#dd3333;\">\n\n\t\t\t<!-- Custom Action Hook -->\n\t\t\t\n\t\t\t\t<!-- Standard Font Awesome Icon -->\n\t\t\t\t<span class=\"fa fa-exclamation-triangle\" title=\"&lt;h7&gt;Bologna tattoo expo &#8211; 29, 30, 31 marzo 2019 &lt;\/h7&gt;\"><\/span>\n\n\t\t\t\n\t\t<\/div> <!-- cd-timeline-img -->\n\n\t\n\t\t<\/a>\n\n\t\t\n\t<!-- Timeline Content -->\n\t<div class=\"cd-timeline-content\">\n\n\t\t\n\t\t<!-- Announcement Title -->\n\t\t<div class=\"cd-timeline-title-container\">\n\n\t\t\t\n\t\t\t<h2 class=\"cd-timeline-item-title\">\n\t\t\t\t<h7>Bologna tattoo expo &#8211; 29, 30, 31 marzo 2019 <\/h7>\t\t\t<\/h2>\n\n\t\t\t\t\t\t\t<p class=\"timeline-date\">\n\t\t\t\t\t01\/04\/2019\t\t\t\t<\/p>\n\t\t\t\t\t\t<\/div>\n\t\t<!-- End Announcement Title -->\n\n\t\t<img width=\"350\" height=\"120\" src=\"https:\/\/www.ilrosso.org\/wp-content\/uploads\/2018\/12\/conv-bologna-sito-350x120.jpg\" class=\"announcement-banner-image\" alt=\"&lt;h7&gt;Bologna tattoo expo &#8211; 29, 30, 31 marzo 2019 &lt;\/h7&gt;\" \/>\n\t\t<!-- Announcement Excerpt -->\n\t\t<div class=\"the-excerpt\">\n\t\t\t<p>Con grandissimo piacere comunichiamo che il Rosso sar\u00e0 presente alla Bologna tattoo expo che si terr\u00e0 il 29, 30, 31 marzo 2019. Se interessati ad&#8230;<\/p>\n<a class=\"timeline-express-read-more-link\" href=\"https:\/\/www.ilrosso.org\/it\/announcement\/bologna-tattoo-expo-29-30-31-marzo-2019\/\"> Read more<\/a>\t\t<\/div>\n\t\t<!-- End Announcement Excerpt -->\n\n\t\t\n\t<\/div>\n\t<!-- End Timeline Content -->\n\n<\/div>\n<!-- End Timeline Block -->\n\n<div class=\"cd-timeline-block marzo 18 2019 announcement-1615\">\n\n\t\n\t\t<a class=\"cd-timeline-icon-link\" href=\"https:\/\/www.ilrosso.org\/it\/announcement\/1615-2\/\">\n\n\t\t\t\n\t\t<div class=\"cd-timeline-img cd-picture\" style=\"background:#dd3333;\">\n\n\t\t\t<!-- Custom Action Hook -->\n\t\t\t\n\t\t\t\t<!-- Standard Font Awesome Icon -->\n\t\t\t\t<span class=\"fa fa-exclamation-triangle\" title=\"&lt;h7&gt; InkHuskvarna 2019 &#8211; 16, 17 marzo 2019 &lt;\/h7&gt;\"><\/span>\n\n\t\t\t\n\t\t<\/div> <!-- cd-timeline-img -->\n\n\t\n\t\t<\/a>\n\n\t\t\n\t<!-- Timeline Content -->\n\t<div class=\"cd-timeline-content\">\n\n\t\t\n\t\t<!-- Announcement Title -->\n\t\t<div class=\"cd-timeline-title-container\">\n\n\t\t\t\n\t\t\t<h2 class=\"cd-timeline-item-title\">\n\t\t\t\t<h7> InkHuskvarna 2019 &#8211; 16, 17 marzo 2019 <\/h7>\t\t\t<\/h2>\n\n\t\t\t\t\t\t\t<p class=\"timeline-date\">\n\t\t\t\t\t18\/03\/2019\t\t\t\t<\/p>\n\t\t\t\t\t\t<\/div>\n\t\t<!-- End Announcement Title -->\n\n\t\t<img width=\"350\" height=\"120\" src=\"https:\/\/www.ilrosso.org\/wp-content\/uploads\/2018\/12\/ink-husk-sito-350x120.jpg\" class=\"announcement-banner-image\" alt=\"&lt;h7&gt; InkHuskvarna 2019 &#8211; 16, 17 marzo 2019 &lt;\/h7&gt;\" \/>\n\t\t<!-- Announcement Excerpt -->\n\t\t<div class=\"the-excerpt\">\n\t\t\t<p>Con grande piacere comunichiamo che il Rosso sar\u00e0 presente dal 16 al 17 marzo 2019 all&#8217;InkHuskvarna 2019. Festival metal con una parte dedicata al tattoo&#8230;.<\/p>\n<a class=\"timeline-express-read-more-link\" href=\"https:\/\/www.ilrosso.org\/it\/announcement\/1615-2\/\"> Read more<\/a>\t\t<\/div>\n\t\t<!-- End Announcement Excerpt -->\n\n\t\t\n\t<\/div>\n\t<!-- End Timeline Content -->\n\n<\/div>\n<!-- End Timeline Block -->\n\n<div class=\"cd-timeline-block febbraio 10 2019 announcement-1589\">\n\n\t\n\t\t<a class=\"cd-timeline-icon-link\" href=\"https:\/\/www.ilrosso.org\/it\/announcement\/nuovi-orari-da-gennaio-2019\/\">\n\n\t\t\t\n\t\t<div class=\"cd-timeline-img cd-picture\" style=\"background:#dd3333;\">\n\n\t\t\t<!-- Custom Action Hook -->\n\t\t\t\n\t\t\t\t<!-- Standard Font Awesome Icon -->\n\t\t\t\t<span class=\"fa fa-expeditedssl\" title=\"&lt;h7&gt; NUOVI ORARI DA GENNAIO 2019 &lt;\/h7&gt;\"><\/span>\n\n\t\t\t\n\t\t<\/div> <!-- cd-timeline-img -->\n\n\t\n\t\t<\/a>\n\n\t\t\n\t<!-- Timeline Content -->\n\t<div class=\"cd-timeline-content\">\n\n\t\t\n\t\t<!-- Announcement Title -->\n\t\t<div class=\"cd-timeline-title-container\">\n\n\t\t\t\n\t\t\t<h2 class=\"cd-timeline-item-title\">\n\t\t\t\t<h7> NUOVI ORARI DA GENNAIO 2019 <\/h7>\t\t\t<\/h2>\n\n\t\t\t\t\t\t\t<p class=\"timeline-date\">\n\t\t\t\t\t10\/02\/2019\t\t\t\t<\/p>\n\t\t\t\t\t\t<\/div>\n\t\t<!-- End Announcement Title -->\n\n\t\t<img width=\"350\" height=\"120\" src=\"https:\/\/www.ilrosso.org\/wp-content\/uploads\/2018\/12\/ORARI-GENNAIO-350x120.jpg\" class=\"announcement-banner-image\" alt=\"&lt;h7&gt; NUOVI ORARI DA GENNAIO 2019 &lt;\/h7&gt;\" \/>\n\t\t<!-- Announcement Excerpt -->\n\t\t<div class=\"the-excerpt\">\n\t\t\t<p>NUOVI ORARI Da gennaio 2019 cambieremo orari: Da marted\u00ec a sabato dalle 10:00 alle 18:00 orario continuato. Domenica e luned\u00ec chiusi.<\/p>\n<a class=\"timeline-express-read-more-link\" href=\"https:\/\/www.ilrosso.org\/it\/announcement\/nuovi-orari-da-gennaio-2019\/\"> Read more<\/a>\t\t<\/div>\n\t\t<!-- End Announcement Excerpt -->\n\n\t\t\n\t<\/div>\n\t<!-- End Timeline Content -->\n\n<\/div>\n<!-- End Timeline Block -->\n\n<div class=\"cd-timeline-block febbraio 02 2019 announcement-1672\">\n\n\t\n\t\t<a class=\"cd-timeline-icon-link\" href=\"https:\/\/www.ilrosso.org\/it\/announcement\/canapa-legale\/\">\n\n\t\t\t\n\t\t<div class=\"cd-timeline-img cd-picture\" style=\"background:#dd3333;\">\n\n\t\t\t<!-- Custom Action Hook -->\n\t\t\t\n\t\t\t\t<!-- Standard Font Awesome Icon -->\n\t\t\t\t<span class=\"fa fa-exclamation-circle\" title=\"&lt;h7&gt;canapa legale&lt;\/h7&gt;\"><\/span>\n\n\t\t\t\n\t\t<\/div> <!-- cd-timeline-img -->\n\n\t\n\t\t<\/a>\n\n\t\t\n\t<!-- Timeline Content -->\n\t<div class=\"cd-timeline-content\">\n\n\t\t\n\t\t<!-- Announcement Title -->\n\t\t<div class=\"cd-timeline-title-container\">\n\n\t\t\t\n\t\t\t<h2 class=\"cd-timeline-item-title\">\n\t\t\t\t<h7>canapa legale<\/h7>\t\t\t<\/h2>\n\n\t\t\t\t\t\t\t<p class=\"timeline-date\">\n\t\t\t\t\t02\/02\/2019\t\t\t\t<\/p>\n\t\t\t\t\t\t<\/div>\n\t\t<!-- End Announcement Title -->\n\n\t\t<img width=\"350\" height=\"120\" src=\"https:\/\/www.ilrosso.org\/wp-content\/uploads\/2019\/02\/merymoon-350x120.jpg\" class=\"announcement-banner-image\" alt=\"&lt;h7&gt;canapa legale&lt;\/h7&gt;\" \/>\n\t\t<!-- Announcement Excerpt -->\n\t\t<div class=\"the-excerpt\">\n\t\t\t<p>Allo studio di tatuaggi &#8220;Il Rosso&#8221; trovate la #canapalegale prodotta dai fantastici ragazzi di #marymoonlight. In studio troverete differenti tipologie raccolte e spiegate in un&#8230;<\/p>\n<a class=\"timeline-express-read-more-link\" href=\"https:\/\/www.ilrosso.org\/it\/announcement\/canapa-legale\/\"> Read more<\/a>\t\t<\/div>\n\t\t<!-- End Announcement Excerpt -->\n\n\t\t\n\t<\/div>\n\t<!-- End Timeline Content -->\n\n<\/div>\n<!-- End Timeline Block -->\n\n<div class=\"cd-timeline-block gennaio 29 2019 announcement-1667\">\n\n\t\n\t\t<a class=\"cd-timeline-icon-link\" href=\"https:\/\/www.ilrosso.org\/it\/announcement\/1667-2\/\">\n\n\t\t\t\n\t\t<div class=\"cd-timeline-img cd-picture\" style=\"background:#ffffff;\">\n\n\t\t\t<!-- Custom Action Hook -->\n\t\t\t\n\t\t\t\t<!-- Standard Font Awesome Icon -->\n\t\t\t\t<span class=\"fa fa-exclamation\" title=\"&lt;h7&gt; The amazing tattoo studio and art &lt;\/h7&gt;\"><\/span>\n\n\t\t\t\n\t\t<\/div> <!-- cd-timeline-img -->\n\n\t\n\t\t<\/a>\n\n\t\t\n\t<!-- Timeline Content -->\n\t<div class=\"cd-timeline-content\">\n\n\t\t\n\t\t<!-- Announcement Title -->\n\t\t<div class=\"cd-timeline-title-container\">\n\n\t\t\t\n\t\t\t<h2 class=\"cd-timeline-item-title\">\n\t\t\t\t<h7> The amazing tattoo studio and art <\/h7>\t\t\t<\/h2>\n\n\t\t\t\t\t\t\t<p class=\"timeline-date\">\n\t\t\t\t\t29\/01\/2019\t\t\t\t<\/p>\n\t\t\t\t\t\t<\/div>\n\t\t<!-- End Announcement Title -->\n\n\t\t<img width=\"350\" height=\"120\" src=\"https:\/\/www.ilrosso.org\/wp-content\/uploads\/2019\/01\/copertina-sito-350x120.jpg\" class=\"announcement-banner-image\" alt=\"&lt;h7&gt; The amazing tattoo studio and art &lt;\/h7&gt;\" \/>\n\t\t<!-- Announcement Excerpt -->\n\t\t<div class=\"the-excerpt\">\n\t\t\t<p>THE AMAZING TATTOO STUDIO &amp; ART Felicissimi di fare parte di questa selezione dei pi\u00f9 belli ed interessanti tattoo studio in Europa. Lo trovate sul&#8230;<\/p>\n<a class=\"timeline-express-read-more-link\" href=\"https:\/\/www.ilrosso.org\/it\/announcement\/1667-2\/\"> Read more<\/a>\t\t<\/div>\n\t\t<!-- End Announcement Excerpt -->\n\n\t\t\n\t<\/div>\n\t<!-- End Timeline Content -->\n\n<\/div>\n<!-- End Timeline Block -->\n\n<div class=\"cd-timeline-block gennaio 16 2019 announcement-1600\">\n\n\t\n\t\t<a class=\"cd-timeline-icon-link\" href=\"https:\/\/www.ilrosso.org\/it\/announcement\/16-gennaio-piercing-dalle-ore-1400\/\">\n\n\t\t\t\n\t\t<div class=\"cd-timeline-img cd-picture\" style=\"background:#ffffff;\">\n\n\t\t\t<!-- Custom Action Hook -->\n\t\t\t\n\t\t\t\t<!-- Standard Font Awesome Icon -->\n\t\t\t\t<span class=\"fa fa-exclamation-circle\" title=\"&lt;h7&gt;16 gennaio piercing dalle ore 14:00&lt;\/h7&gt;\"><\/span>\n\n\t\t\t\n\t\t<\/div> <!-- cd-timeline-img -->\n\n\t\n\t\t<\/a>\n\n\t\t\n\t<!-- Timeline Content -->\n\t<div class=\"cd-timeline-content\">\n\n\t\t\n\t\t<!-- Announcement Title -->\n\t\t<div class=\"cd-timeline-title-container\">\n\n\t\t\t\n\t\t\t<h2 class=\"cd-timeline-item-title\">\n\t\t\t\t<h7>16 gennaio piercing dalle ore 14:00<\/h7>\t\t\t<\/h2>\n\n\t\t\t\t\t\t\t<p class=\"timeline-date\">\n\t\t\t\t\t16\/01\/2019\t\t\t\t<\/p>\n\t\t\t\t\t\t<\/div>\n\t\t<!-- End Announcement Title -->\n\n\t\t<img width=\"350\" height=\"120\" src=\"https:\/\/www.ilrosso.org\/wp-content\/uploads\/2018\/12\/piercin-16-gen-350x120.jpg\" class=\"announcement-banner-image\" alt=\"&lt;h7&gt;16 gennaio piercing dalle ore 14:00&lt;\/h7&gt;\" \/>\n\t\t<!-- Announcement Excerpt -->\n\t\t<div class=\"the-excerpt\">\n\t\t\t<p>MERCOLED\u00ec 16 GENNAIO DALLE ORE 14:00 ALLE ORE 18:00 SARA&#8217; DISPONIBILE IL NOSTRO PIERCER. NECESSARIA LA PRENOTAZIONE. VI ASPETTIAMO IN STUDIO!!!<\/p>\n<a class=\"timeline-express-read-more-link\" href=\"https:\/\/www.ilrosso.org\/it\/announcement\/16-gennaio-piercing-dalle-ore-1400\/\"> Read more<\/a>\t\t<\/div>\n\t\t<!-- End Announcement Excerpt -->\n\n\t\t\n\t<\/div>\n\t<!-- End Timeline Content -->\n\n<\/div>\n<!-- End Timeline Block -->\n\n<div class=\"cd-timeline-block gennaio 09 2019 announcement-1586\">\n\n\t\n\t\t<a class=\"cd-timeline-icon-link\" href=\"https:\/\/www.ilrosso.org\/it\/announcement\/chiusura-dicembre-gennaio\/\">\n\n\t\t\t\n\t\t<div class=\"cd-timeline-img cd-picture\" style=\"background:#dd3333;\">\n\n\t\t\t<!-- Custom Action Hook -->\n\t\t\t\n\t\t\t\t<!-- Standard Font Awesome Icon -->\n\t\t\t\t<span class=\"fa fa-exclamation-triangle\" title=\"&lt;h7&gt; CHIUSURA DICEMBRE \/ GENNAIO &lt;\/h7&gt;\"><\/span>\n\n\t\t\t\n\t\t<\/div> <!-- cd-timeline-img -->\n\n\t\n\t\t<\/a>\n\n\t\t\n\t<!-- Timeline Content -->\n\t<div class=\"cd-timeline-content\">\n\n\t\t\n\t\t<!-- Announcement Title -->\n\t\t<div class=\"cd-timeline-title-container\">\n\n\t\t\t\n\t\t\t<h2 class=\"cd-timeline-item-title\">\n\t\t\t\t<h7> CHIUSURA DICEMBRE \/ GENNAIO <\/h7>\t\t\t<\/h2>\n\n\t\t\t\t\t\t\t<p class=\"timeline-date\">\n\t\t\t\t\t09\/01\/2019\t\t\t\t<\/p>\n\t\t\t\t\t\t<\/div>\n\t\t<!-- End Announcement Title -->\n\n\t\t<img width=\"350\" height=\"120\" src=\"https:\/\/www.ilrosso.org\/wp-content\/uploads\/2018\/12\/natale-fb-350x120.jpg\" class=\"announcement-banner-image\" alt=\"&lt;h7&gt; CHIUSURA DICEMBRE \/ GENNAIO &lt;\/h7&gt;\" \/>\n\t\t<!-- Announcement Excerpt -->\n\t\t<div class=\"the-excerpt\">\n\t\t\t<p>CHIUSURA DICEMBRE\/GENNAIO: Saremo chiusi oltre che i nostri consueti giorni (domenica e luned\u00ec): &#8211; L&#8217;8 DICEMBRE; &#8211; 25 E 26 DICEMBRE; &#8211; DALL&#8217;1 AL 9&#8230;<\/p>\n<a class=\"timeline-express-read-more-link\" href=\"https:\/\/www.ilrosso.org\/it\/announcement\/chiusura-dicembre-gennaio\/\"> Read more<\/a>\t\t<\/div>\n\t\t<!-- End Announcement Excerpt -->\n\n\t\t\n\t<\/div>\n\t<!-- End Timeline Content -->\n\n<\/div>\n<!-- End Timeline Block -->\n\n<div class=\"cd-timeline-block dicembre 25 2018 announcement-1593\">\n\n\t\n\t\t<a class=\"cd-timeline-icon-link\" href=\"https:\/\/www.ilrosso.org\/it\/announcement\/1593-2\/\">\n\n\t\t\t\n\t\t<div class=\"cd-timeline-img cd-picture\" style=\"background:#dd3333;\">\n\n\t\t\t<!-- Custom Action Hook -->\n\t\t\t\n\t\t\t\t<!-- Standard Font Awesome Icon -->\n\t\t\t\t<span class=\"fa fa-exclamation-triangle\" title=\"&lt;h7&gt; BUONI TATTOO &lt;\/h7&gt;\"><\/span>\n\n\t\t\t\n\t\t<\/div> <!-- cd-timeline-img -->\n\n\t\n\t\t<\/a>\n\n\t\t\n\t<!-- Timeline Content -->\n\t<div class=\"cd-timeline-content\">\n\n\t\t\n\t\t<!-- Announcement Title -->\n\t\t<div class=\"cd-timeline-title-container\">\n\n\t\t\t\n\t\t\t<h2 class=\"cd-timeline-item-title\">\n\t\t\t\t<h7> BUONI TATTOO <\/h7>\t\t\t<\/h2>\n\n\t\t\t\t\t\t\t<p class=\"timeline-date\">\n\t\t\t\t\t25\/12\/2018\t\t\t\t<\/p>\n\t\t\t\t\t\t<\/div>\n\t\t<!-- End Announcement Title -->\n\n\t\t<img width=\"350\" height=\"120\" src=\"https:\/\/www.ilrosso.org\/wp-content\/uploads\/2018\/12\/45523857_1161519637335096_8692343676241707008_n-350x120.jpg\" class=\"announcement-banner-image\" alt=\"&lt;h7&gt; BUONI TATTOO &lt;\/h7&gt;\" \/>\n\t\t<!-- Announcement Excerpt -->\n\t\t<div class=\"the-excerpt\">\n\t\t\t<p>REGALA UN BUONO TATTOO Per Natale o altra occasione speciale non sai che regalo fare? Ci pensiamo noi!!! Regala un BUONO per un TATUAGGIO (min&#8230;<\/p>\n<a class=\"timeline-express-read-more-link\" href=\"https:\/\/www.ilrosso.org\/it\/announcement\/1593-2\/\"> Read more<\/a>\t\t<\/div>\n\t\t<!-- End Announcement Excerpt -->\n\n\t\t\n\t<\/div>\n\t<!-- End Timeline Content -->\n\n<\/div>\n<!-- End Timeline Block -->\n\n<div class=\"cd-timeline-block novembre 21 2018 announcement-1555\">\n\n\t\n\t\t<a class=\"cd-timeline-icon-link\" href=\"https:\/\/www.ilrosso.org\/it\/announcement\/piercing\/\">\n\n\t\t\t\n\t\t<div class=\"cd-timeline-img cd-picture\" style=\"background:#dd3333;\">\n\n\t\t\t<!-- Custom Action Hook -->\n\t\t\t\n\t\t\t\t<!-- Standard Font Awesome Icon -->\n\t\t\t\t<span class=\"fa fa-exclamation-triangle\" title=\"&lt;h7&gt;PIERCING&lt;\/h7&gt;\"><\/span>\n\n\t\t\t\n\t\t<\/div> <!-- cd-timeline-img -->\n\n\t\n\t\t<\/a>\n\n\t\t\n\t<!-- Timeline Content -->\n\t<div class=\"cd-timeline-content\">\n\n\t\t\n\t\t<!-- Announcement Title -->\n\t\t<div class=\"cd-timeline-title-container\">\n\n\t\t\t\n\t\t\t<h2 class=\"cd-timeline-item-title\">\n\t\t\t\t<h7>PIERCING<\/h7>\t\t\t<\/h2>\n\n\t\t\t\t\t\t\t<p class=\"timeline-date\">\n\t\t\t\t\t21\/11\/2018\t\t\t\t<\/p>\n\t\t\t\t\t\t<\/div>\n\t\t<!-- End Announcement Title -->\n\n\t\t<img width=\"350\" height=\"120\" src=\"https:\/\/www.ilrosso.org\/wp-content\/uploads\/2018\/11\/pierc-350x120.jpg\" class=\"announcement-banner-image\" alt=\"&lt;h7&gt;PIERCING&lt;\/h7&gt;\" \/>\n\t\t<!-- Announcement Excerpt -->\n\t\t<div class=\"the-excerpt\">\n\t\t\t<p>MERCOLED\u00ec 21 NOVEMBRE DALLE ORE 15 SARA&#8217; DISPONIBILE IL PIERCER. PER INFO E PRENOTAZIONI CHIAMATE AL 05211912131 OPPURE PASSATE IN STUDIO!!<\/p>\n<a class=\"timeline-express-read-more-link\" href=\"https:\/\/www.ilrosso.org\/it\/announcement\/piercing\/\"> Read more<\/a>\t\t<\/div>\n\t\t<!-- End Announcement Excerpt -->\n\n\t\t\n\t<\/div>\n\t<!-- End Timeline Content -->\n\n<\/div>\n<!-- End Timeline Block -->\n\n<div class=\"cd-timeline-block novembre 16 2018 announcement-1447\">\n\n\t\n\t\t<a class=\"cd-timeline-icon-link\" href=\"https:\/\/www.ilrosso.org\/it\/announcement\/trieste-expo-2018\/\">\n\n\t\t\t\n\t\t<div class=\"cd-timeline-img cd-picture\" style=\"background:#ff0000;\">\n\n\t\t\t<!-- Custom Action Hook -->\n\t\t\t\n\t\t\t\t<!-- Standard Font Awesome Icon -->\n\t\t\t\t<span class=\"fa fa-suitcase\" title=\"&lt;h7&gt;Trieste Tattoo Expo &#8211; 2018&lt;\/h7&gt;\"><\/span>\n\n\t\t\t\n\t\t<\/div> <!-- cd-timeline-img -->\n\n\t\n\t\t<\/a>\n\n\t\t\n\t<!-- Timeline Content -->\n\t<div class=\"cd-timeline-content\">\n\n\t\t\n\t\t<!-- Announcement Title -->\n\t\t<div class=\"cd-timeline-title-container\">\n\n\t\t\t\n\t\t\t<h2 class=\"cd-timeline-item-title\">\n\t\t\t\t<h7>Trieste Tattoo Expo &#8211; 2018<\/h7>\t\t\t<\/h2>\n\n\t\t\t\t\t\t\t<p class=\"timeline-date\">\n\t\t\t\t\t16\/11\/2018\t\t\t\t<\/p>\n\t\t\t\t\t\t<\/div>\n\t\t<!-- End Announcement Title -->\n\n\t\t<img width=\"350\" height=\"120\" src=\"https:\/\/www.ilrosso.org\/wp-content\/uploads\/2018\/07\/trieste-tattoo-expo-350x120.jpg\" class=\"announcement-banner-image\" alt=\"&lt;h7&gt;Trieste Tattoo Expo &#8211; 2018&lt;\/h7&gt;\" \/>\n\t\t<!-- Announcement Excerpt -->\n\t\t<div class=\"the-excerpt\">\n\t\t\t<p>Siamo felici di comunicare che anche quest&#8217;anno il Rosso parteciper\u00e0 all&#8217;11 edizione della Trieste Tattoo Expo. Per l&#8217;occasione il Rosso tatuer\u00e0 bioorganici e biomeccanici ad&#8230;<\/p>\n<a class=\"timeline-express-read-more-link\" href=\"https:\/\/www.ilrosso.org\/it\/announcement\/trieste-expo-2018\/\"> Read more<\/a>\t\t<\/div>\n\t\t<!-- End Announcement Excerpt -->\n\n\t\t\n\t<\/div>\n\t<!-- End Timeline Content -->\n\n<\/div>\n<!-- End Timeline Block -->\n\n<div class=\"cd-timeline-block novembre 02 2018 announcement-1449\">\n\n\t\n\t\t<a class=\"cd-timeline-icon-link\" href=\"https:\/\/www.ilrosso.org\/it\/announcement\/amsterdam-2018\/\">\n\n\t\t\t\n\t\t<div class=\"cd-timeline-img cd-picture\" style=\"background:#ff0000;\">\n\n\t\t\t<!-- Custom Action Hook -->\n\t\t\t\n\t\t\t\t<!-- Standard Font Awesome Icon -->\n\t\t\t\t<span class=\"fa fa-suitcase\" title=\"&lt;h7&gt;Amsterdam Tattoo Convention 2018&lt;\/h7&gt;\"><\/span>\n\n\t\t\t\n\t\t<\/div> <!-- cd-timeline-img -->\n\n\t\n\t\t<\/a>\n\n\t\t\n\t<!-- Timeline Content -->\n\t<div class=\"cd-timeline-content\">\n\n\t\t\n\t\t<!-- Announcement Title -->\n\t\t<div class=\"cd-timeline-title-container\">\n\n\t\t\t\n\t\t\t<h2 class=\"cd-timeline-item-title\">\n\t\t\t\t<h7>Amsterdam Tattoo Convention 2018<\/h7>\t\t\t<\/h2>\n\n\t\t\t\t\t\t\t<p class=\"timeline-date\">\n\t\t\t\t\t02\/11\/2018\t\t\t\t<\/p>\n\t\t\t\t\t\t<\/div>\n\t\t<!-- End Announcement Title -->\n\n\t\t<img width=\"350\" height=\"120\" src=\"https:\/\/www.ilrosso.org\/wp-content\/uploads\/2018\/07\/Amsterdam-Tattoo-Convention-2018-350x120.jpg\" class=\"announcement-banner-image\" alt=\"&lt;h7&gt;Amsterdam Tattoo Convention 2018&lt;\/h7&gt;\" \/>\n\t\t<!-- Announcement Excerpt -->\n\t\t<div class=\"the-excerpt\">\n\t\t\t<p>Dal 2 al 4 novembre abbiamo il piacere di comunicare che il Rosso sar\u00e0 alla 14 edizione della Amsterdam Tattoo Convention. www.tattooexpo.eu\/en\/amsterdam\/2018\/participants\/3078 Per l&#8217;occasione tatuer\u00e0&#8230;<\/p>\n<a class=\"timeline-express-read-more-link\" href=\"https:\/\/www.ilrosso.org\/it\/announcement\/amsterdam-2018\/\"> Read more<\/a>\t\t<\/div>\n\t\t<!-- End Announcement Excerpt -->\n\n\t\t\n\t<\/div>\n\t<!-- End Timeline Content -->\n\n<\/div>\n<!-- End Timeline Block -->\n\n<div class=\"cd-timeline-block ottobre 31 2018 announcement-1478\">\n\n\t\n\t\t<a class=\"cd-timeline-icon-link\" href=\"https:\/\/www.ilrosso.org\/it\/announcement\/halloween-walk-in\/\">\n\n\t\t\t\n\t\t<div class=\"cd-timeline-img cd-picture\" style=\"background:#dd3333;\">\n\n\t\t\t<!-- Custom Action Hook -->\n\t\t\t\n\t\t\t\t<!-- Standard Font Awesome Icon -->\n\t\t\t\t<span class=\"fa fa-exclamation-triangle\" title=\"&lt;h7&gt;Halloween WALK IN!!!&lt;\/h7&gt;\"><\/span>\n\n\t\t\t\n\t\t<\/div> <!-- cd-timeline-img -->\n\n\t\n\t\t<\/a>\n\n\t\t\n\t<!-- Timeline Content -->\n\t<div class=\"cd-timeline-content\">\n\n\t\t\n\t\t<!-- Announcement Title -->\n\t\t<div class=\"cd-timeline-title-container\">\n\n\t\t\t\n\t\t\t<h2 class=\"cd-timeline-item-title\">\n\t\t\t\t<h7>Halloween WALK IN!!!<\/h7>\t\t\t<\/h2>\n\n\t\t\t\t\t\t\t<p class=\"timeline-date\">\n\t\t\t\t\t31\/10\/2018\t\t\t\t<\/p>\n\t\t\t\t\t\t<\/div>\n\t\t<!-- End Announcement Title -->\n\n\t\t<img width=\"350\" height=\"120\" src=\"https:\/\/www.ilrosso.org\/wp-content\/uploads\/2018\/10\/copertina-350x120.jpg\" class=\"announcement-banner-image\" alt=\"&lt;h7&gt;Halloween WALK IN!!!&lt;\/h7&gt;\" \/>\n\t\t<!-- Announcement Excerpt -->\n\t\t<div class=\"the-excerpt\">\n\t\t\t<p>&nbsp; Il 31 ottobre in occasione della festa pi\u00f9 horror dell&#8217;anno, Halloween , abbiamo organizzato un walk in pauroso!!!! Come funziona: Semplice, il 31 ottobre&#8230;<\/p>\n<a class=\"timeline-express-read-more-link\" href=\"https:\/\/www.ilrosso.org\/it\/announcement\/halloween-walk-in\/\"> Read more<\/a>\t\t<\/div>\n\t\t<!-- End Announcement Excerpt -->\n\n\t\t\n\t<\/div>\n\t<!-- End Timeline Content -->\n\n<\/div>\n<!-- End Timeline Block -->\n\n\t\t\t<\/section>\n\n\t\t\t<!-- Timeline Express Free v1.8.1 | Site: https:\/\/www.wp-timelineexpress.com | Author: CodeParrots - http:\/\/www.codeparrots.com --><\/div><\/div><\/div><\/div><\/div><\/div><\/div>\n","protected":false},"excerpt":{"rendered":"","protected":false},"author":1,"featured_media":0,"parent":0,"menu_order":0,"comment_status":"closed","ping_status":"closed","template":"","meta":{"inspiro_hide_title":false,"footnotes":""},"class_list":["post-1451","page","type-page","status-publish","hentry"],"yoast_head":"<!-- This site is optimized with the Yoast SEO plugin v27.3 - https:\/\/yoast.com\/product\/yoast-seo-wordpress\/ -->\n<title>blogg - Il Rosso tattoo<\/title>\n<meta name=\"description\" content=\"Il Rosso Tattoo. Studio di tatuaggi in provincia di Parma. Ci occupiamo di tatuaggi e piercing dal 2000.In studio troverete diversi tatuatori ognuno specializzato in stili differenti per potervi offrire tatuaggi di estrema qualit\u00e0. Seguiamo il cliente dall\u2019ideazione del tatuaggio fino alla completa guarigione, ci avvaliamo della facolt\u00e0 di disegnare e personalizzare ogni idea perch\u00e9 il vostro tatuaggio sia una bellissima ed unica esperienza che vi accompagner\u00e0 tutta la vita.\" \/>\n<meta name=\"robots\" content=\"index, follow, max-snippet:-1, max-image-preview:large, max-video-preview:-1\" \/>\n<link rel=\"canonical\" href=\"https:\/\/www.ilrosso.org\/it\/blogg\/\" \/>\n<meta property=\"og:locale\" content=\"it_IT\" \/>\n<meta property=\"og:type\" content=\"article\" \/>\n<meta property=\"og:title\" content=\"blogg - Il Rosso tattoo\" \/>\n<meta property=\"og:description\" content=\"Il Rosso Tattoo. Studio di tatuaggi in provincia di Parma. Ci occupiamo di tatuaggi e piercing dal 2000.In studio troverete diversi tatuatori ognuno specializzato in stili differenti per potervi offrire tatuaggi di estrema qualit\u00e0. Seguiamo il cliente dall\u2019ideazione del tatuaggio fino alla completa guarigione, ci avvaliamo della facolt\u00e0 di disegnare e personalizzare ogni idea perch\u00e9 il vostro tatuaggio sia una bellissima ed unica esperienza che vi accompagner\u00e0 tutta la vita.\" \/>\n<meta property=\"og:url\" content=\"https:\/\/www.ilrosso.org\/it\/blogg\/\" \/>\n<meta property=\"og:site_name\" content=\"Il Rosso tattoo\" \/>\n<meta property=\"article:publisher\" content=\"https:\/\/www.facebook.com\/ilrossotattoo\/\" \/>\n<meta property=\"article:modified_time\" content=\"2018-10-19T09:25:01+00:00\" \/>\n<meta name=\"twitter:card\" content=\"summary_large_image\" \/>\n<script type=\"application\/ld+json\" class=\"yoast-schema-graph\">{\"@context\":\"https:\\\/\\\/schema.org\",\"@graph\":[{\"@type\":\"WebPage\",\"@id\":\"https:\\\/\\\/www.ilrosso.org\\\/it\\\/blogg\\\/\",\"url\":\"https:\\\/\\\/www.ilrosso.org\\\/it\\\/blogg\\\/\",\"name\":\"blogg - Il Rosso tattoo\",\"isPartOf\":{\"@id\":\"https:\\\/\\\/www.ilrosso.org\\\/it\\\/#website\"},\"datePublished\":\"2018-10-17T15:49:51+00:00\",\"dateModified\":\"2018-10-19T09:25:01+00:00\",\"description\":\"Il Rosso Tattoo. Studio di tatuaggi in provincia di Parma. Ci occupiamo di tatuaggi e piercing dal 2000.In studio troverete diversi tatuatori ognuno specializzato in stili differenti per potervi offrire tatuaggi di estrema qualit\u00e0. Seguiamo il cliente dall\u2019ideazione del tatuaggio fino alla completa guarigione, ci avvaliamo della facolt\u00e0 di disegnare e personalizzare ogni idea perch\u00e9 il vostro tatuaggio sia una bellissima ed unica esperienza che vi accompagner\u00e0 tutta la vita.\",\"breadcrumb\":{\"@id\":\"https:\\\/\\\/www.ilrosso.org\\\/it\\\/blogg\\\/#breadcrumb\"},\"inLanguage\":\"it-IT\",\"potentialAction\":[{\"@type\":\"ReadAction\",\"target\":[\"https:\\\/\\\/www.ilrosso.org\\\/it\\\/blogg\\\/\"]}]},{\"@type\":\"BreadcrumbList\",\"@id\":\"https:\\\/\\\/www.ilrosso.org\\\/it\\\/blogg\\\/#breadcrumb\",\"itemListElement\":[{\"@type\":\"ListItem\",\"position\":1,\"name\":\"Home\",\"item\":\"https:\\\/\\\/www.ilrosso.org\\\/\"},{\"@type\":\"ListItem\",\"position\":2,\"name\":\"blogg\"}]},{\"@type\":\"WebSite\",\"@id\":\"https:\\\/\\\/www.ilrosso.org\\\/it\\\/#website\",\"url\":\"https:\\\/\\\/www.ilrosso.org\\\/it\\\/\",\"name\":\"Il Rosso tattoo\",\"description\":\"\",\"potentialAction\":[{\"@type\":\"SearchAction\",\"target\":{\"@type\":\"EntryPoint\",\"urlTemplate\":\"https:\\\/\\\/www.ilrosso.org\\\/it\\\/?s={search_term_string}\"},\"query-input\":{\"@type\":\"PropertyValueSpecification\",\"valueRequired\":true,\"valueName\":\"search_term_string\"}}],\"inLanguage\":\"it-IT\"}]}<\/script>\n<!-- \/ Yoast SEO plugin. -->","yoast_head_json":{"title":"blogg - Il Rosso tattoo","description":"Il Rosso Tattoo. Studio di tatuaggi in provincia di Parma. Ci occupiamo di tatuaggi e piercing dal 2000.In studio troverete diversi tatuatori ognuno specializzato in stili differenti per potervi offrire tatuaggi di estrema qualit\u00e0. Seguiamo il cliente dall\u2019ideazione del tatuaggio fino alla completa guarigione, ci avvaliamo della facolt\u00e0 di disegnare e personalizzare ogni idea perch\u00e9 il vostro tatuaggio sia una bellissima ed unica esperienza che vi accompagner\u00e0 tutta la vita.","robots":{"index":"index","follow":"follow","max-snippet":"max-snippet:-1","max-image-preview":"max-image-preview:large","max-video-preview":"max-video-preview:-1"},"canonical":"https:\/\/www.ilrosso.org\/it\/blogg\/","og_locale":"it_IT","og_type":"article","og_title":"blogg - Il Rosso tattoo","og_description":"Il Rosso Tattoo. Studio di tatuaggi in provincia di Parma. Ci occupiamo di tatuaggi e piercing dal 2000.In studio troverete diversi tatuatori ognuno specializzato in stili differenti per potervi offrire tatuaggi di estrema qualit\u00e0. Seguiamo il cliente dall\u2019ideazione del tatuaggio fino alla completa guarigione, ci avvaliamo della facolt\u00e0 di disegnare e personalizzare ogni idea perch\u00e9 il vostro tatuaggio sia una bellissima ed unica esperienza che vi accompagner\u00e0 tutta la vita.","og_url":"https:\/\/www.ilrosso.org\/it\/blogg\/","og_site_name":"Il Rosso tattoo","article_publisher":"https:\/\/www.facebook.com\/ilrossotattoo\/","article_modified_time":"2018-10-19T09:25:01+00:00","twitter_card":"summary_large_image","schema":{"@context":"https:\/\/schema.org","@graph":[{"@type":"WebPage","@id":"https:\/\/www.ilrosso.org\/it\/blogg\/","url":"https:\/\/www.ilrosso.org\/it\/blogg\/","name":"blogg - Il Rosso tattoo","isPartOf":{"@id":"https:\/\/www.ilrosso.org\/it\/#website"},"datePublished":"2018-10-17T15:49:51+00:00","dateModified":"2018-10-19T09:25:01+00:00","description":"Il Rosso Tattoo. Studio di tatuaggi in provincia di Parma. Ci occupiamo di tatuaggi e piercing dal 2000.In studio troverete diversi tatuatori ognuno specializzato in stili differenti per potervi offrire tatuaggi di estrema qualit\u00e0. Seguiamo il cliente dall\u2019ideazione del tatuaggio fino alla completa guarigione, ci avvaliamo della facolt\u00e0 di disegnare e personalizzare ogni idea perch\u00e9 il vostro tatuaggio sia una bellissima ed unica esperienza che vi accompagner\u00e0 tutta la vita.","breadcrumb":{"@id":"https:\/\/www.ilrosso.org\/it\/blogg\/#breadcrumb"},"inLanguage":"it-IT","potentialAction":[{"@type":"ReadAction","target":["https:\/\/www.ilrosso.org\/it\/blogg\/"]}]},{"@type":"BreadcrumbList","@id":"https:\/\/www.ilrosso.org\/it\/blogg\/#breadcrumb","itemListElement":[{"@type":"ListItem","position":1,"name":"Home","item":"https:\/\/www.ilrosso.org\/"},{"@type":"ListItem","position":2,"name":"blogg"}]},{"@type":"WebSite","@id":"https:\/\/www.ilrosso.org\/it\/#website","url":"https:\/\/www.ilrosso.org\/it\/","name":"Il Rosso tattoo","description":"","potentialAction":[{"@type":"SearchAction","target":{"@type":"EntryPoint","urlTemplate":"https:\/\/www.ilrosso.org\/it\/?s={search_term_string}"},"query-input":{"@type":"PropertyValueSpecification","valueRequired":true,"valueName":"search_term_string"}}],"inLanguage":"it-IT"}]}},"rttpg_featured_image_url":null,"rttpg_author":{"display_name":"Rosso Tattoo","author_link":"https:\/\/www.ilrosso.org\/it\/author\/wp_5733950\/"},"rttpg_comment":0,"rttpg_category":null,"rttpg_excerpt":null,"_links":{"self":[{"href":"https:\/\/www.ilrosso.org\/it\/wp-json\/wp\/v2\/pages\/1451","targetHints":{"allow":["GET"]}}],"collection":[{"href":"https:\/\/www.ilrosso.org\/it\/wp-json\/wp\/v2\/pages"}],"about":[{"href":"https:\/\/www.ilrosso.org\/it\/wp-json\/wp\/v2\/types\/page"}],"author":[{"embeddable":true,"href":"https:\/\/www.ilrosso.org\/it\/wp-json\/wp\/v2\/users\/1"}],"replies":[{"embeddable":true,"href":"https:\/\/www.ilrosso.org\/it\/wp-json\/wp\/v2\/comments?post=1451"}],"version-history":[{"count":18,"href":"https:\/\/www.ilrosso.org\/it\/wp-json\/wp\/v2\/pages\/1451\/revisions"}],"predecessor-version":[{"id":1472,"href":"https:\/\/www.ilrosso.org\/it\/wp-json\/wp\/v2\/pages\/1451\/revisions\/1472"}],"wp:attachment":[{"href":"https:\/\/www.ilrosso.org\/it\/wp-json\/wp\/v2\/media?parent=1451"}],"curies":[{"name":"wp","href":"https:\/\/api.w.org\/{rel}","templated":true}]}}